{"id":1064,"date":"2010-07-24T15:34:07","date_gmt":"2010-07-24T14:34:07","guid":{"rendered":"http:\/\/www.courir-a-corps-nuds.fr\/?page_id=1064"},"modified":"2014-03-21T23:01:20","modified_gmt":"2014-03-21T22:01:20","slug":"photos","status":"publish","type":"page","link":"http:\/\/www.courir-a-corps-nuds.fr\/?page_id=1064","title":{"rendered":"Photos &#038; Vid\u00e9os"},"content":{"rendered":"<h2>Le CAC en photos et en vid\u00e9o<\/h2>\n<p>Ci-dessous, des photos de nos gentils adh\u00e9rents et accompagnateurs. Merci aux photographes, notamment aux personnes qui ont communiqu\u00e9 leurs photos <em>:<\/em><\/p>\n<p><em><\/em>Toutes les photos sur Picasa via les liens suivants (attention le contr\u00f4le Parental peut bloquer l&#8217;acc\u00e8s aux photos)\u00a0:<\/p>\n<p><span style=\"color: #3366ff;\">\u00a0<strong>&gt; Vid\u00e9o du 10km de St Armel 16 F\u00e9vrier 2014 :<\/strong> \u00a0<a href=\"https:\/\/www.youtube.com\/watch?v=_bycky-eBJY\" target=\"_blank\">https:\/\/www.youtube.com\/watch?v=_bycky-eBJY<\/a><\/span><\/p>\n<p><span style=\"color: #3366ff;\"><strong>&gt; Vid\u00e9o de la sortie au Bo\u00ebl le 12 Janvier 2014 :<\/strong><\/span> \u00a0<a title=\"Sortie Bo\u00ebl\" href=\"http:\/\/youtu.be\/4NciTVnpoTk\" target=\"_blank\">http:\/\/youtu.be\/4NciTVnpoTk<\/a><\/p>\n<h3 style=\"text-align: center;\"><a title=\"Marathon Vannes\" href=\"https:\/\/plus.google.com\/115367317653418303039\/posts\/bKLDZkYaAQy?gpinv=AMIXal_EVTiQFdnIf6HlpG28VrbaiBRyaXRZEseCVFO3SS8mSD6OV877eENKr3VgLCwVcuyCgwtAC9HRxRXo93_lTR-s-w75ELRXbc7d9JVzpU_hGGvncSg&amp;cfem=1\" rel=\"attachment wp-att-2373\" target=\"_blank\"><img loading=\"lazy\" class=\"wp-image-2373 alignleft\" title=\"marathon-vannes4\" src=\"http:\/\/www.courir-a-corps-nuds.fr\/wp-content\/uploads\/2010\/07\/marathon-vannes41-103x150.jpg\" alt=\"\" width=\"70\" height=\"40\" \/><\/a><\/h3>\n<h3>\u00a0<a title=\"Marathon Vannes\" href=\"https:\/\/plus.google.com\/115367317653418303039\/posts\/bKLDZkYaAQy?gpinv=AMIXal_EVTiQFdnIf6HlpG28VrbaiBRyaXRZEseCVFO3SS8mSD6OV877eENKr3VgLCwVcuyCgwtAC9HRxRXo93_lTR-s-w75ELRXbc7d9JVzpU_hGGvncSg&amp;cfem=1\" target=\"_blank\">Marathon de Vannes &#8211; Le 20 Octobre 2013<\/a><\/h3>\n<p>&nbsp;<\/p>\n<h2><a href=\"http:\/\/www.courir-a-corps-nuds.fr\/wp-content\/uploads\/2009\/01\/marathon-de-la-vie-2012.jpg\"><img loading=\"lazy\" class=\"wp-image-1967 alignleft\" title=\"marathon-de-la-vie-2012\" src=\"http:\/\/www.courir-a-corps-nuds.fr\/wp-content\/uploads\/2009\/01\/marathon-de-la-vie-2012.jpg\" alt=\"marathon-de-la-vie-2012\" width=\"70\" height=\"40\" \/><\/a><\/h2>\n<h3><a href=\"http:\/\/www.courir-a-corps-nuds.fr\/wp-content\/uploads\/2009\/01\/marathon-de-la-vie-2012.jpg\" target=\"_blank\">Marathon de la vie par \u00e9quipe &#8211; Dimanche 16 septembre<\/a><\/h3>\n<p>&nbsp;<\/p>\n<p><a href=\"http:\/\/www.courir-a-corps-nuds.fr\/wp-content\/uploads\/2009\/01\/trail-des-eihens-2012.jpg\"><img loading=\"lazy\" class=\" wp-image-1919 alignleft\" title=\"trail-des-eihens-2012\" src=\"http:\/\/www.courir-a-corps-nuds.fr\/wp-content\/uploads\/2009\/01\/trail-des-eihens-2012.jpg\" alt=\"trail-des-eihens-2012\" width=\"70\" height=\"40\" \/><\/a><\/p>\n<h3>\u00a0<a href=\"http:\/\/www.courir-a-corps-nuds.fr\/wp-content\/uploads\/2009\/01\/trail-des-eihens-2012.jpg\" target=\"_blank\">Trail des Ebihens le 13 mai 2012<\/a><\/h3>\n<p>&nbsp;<\/p>\n<p><a href=\"https:\/\/picasaweb.google.com\/105063333546511055376\/Defi_Inter_Asso_Mai2012\" target=\"_blank\"><img loading=\"lazy\" class=\" wp-image-1917 alignleft\" title=\"defi_inter_asso_mai2012\" src=\"http:\/\/www.courir-a-corps-nuds.fr\/wp-content\/uploads\/2009\/01\/defi_inter_asso_mai2012.jpg\" alt=\"defi_inter_asso_mai2012\" width=\"70\" height=\"40\" \/><\/a><\/p>\n<h3><a href=\"https:\/\/picasaweb.google.com\/105063333546511055376\/Defi_Inter_Asso_Mai2012\" target=\"_blank\">D\u00e9fi des associations le vendredi 11 mai 2012<\/a><\/h3>\n<p>&nbsp;<\/p>\n<p><a href=\"https:\/\/picasaweb.google.com\/105063333546511055376\/Repas_Asso_25032012\" target=\"_blank\"><img loading=\"lazy\" class=\"alignleft size-full wp-image-1899\" title=\"repas_asso_25032012\" src=\"http:\/\/www.courir-a-corps-nuds.fr\/wp-content\/uploads\/2009\/01\/repas_asso_25032012.jpg\" alt=\"repas_asso_25032012\" width=\"70\" height=\"40\" \/><\/a><\/p>\n<h3><\/h3>\n<h3>\u00a0<a href=\"https:\/\/picasaweb.google.com\/105063333546511055376\/Repas_Asso_25032012\" target=\"_blank\">Le CAC en folie : soir\u00e9e &#8220;Chic &amp; Choc&#8221; samedi 25 mars 2012<\/a><\/h3>\n<p>&nbsp;<\/p>\n<p style=\"text-align: center;\"><a href=\"https:\/\/picasaweb.google.com\/105063333546511055376\/StArmel10km_Fev2012\" target=\"_blank\"><img loading=\"lazy\" class=\"alignleft size-full wp-image-1868\" title=\"starmel10km_fev20121\" src=\"http:\/\/www.courir-a-corps-nuds.fr\/wp-content\/uploads\/2009\/01\/starmel10km_fev20121.jpg\" alt=\"starmel10km_fev20121\" width=\"70\" height=\"40\" \/><\/a><\/p>\n<h3>\u00a0 <a href=\"https:\/\/picasaweb.google.com\/105063333546511055376\/StArmel10km_Fev2012\" target=\"_blank\">Le 10km de St Armel le 19 f\u00e9vrier<\/a><\/h3>\n<p>&nbsp;<\/p>\n<p><em><a href=\"https:\/\/picasaweb.google.com\/105063333546511055376\/PPG_Janv2012\" target=\"_blank\"><img loading=\"lazy\" class=\"alignleft size-full wp-image-1844\" title=\"ppg_janv2012\" src=\"http:\/\/www.courir-a-corps-nuds.fr\/wp-content\/uploads\/2009\/01\/ppg_janv2012.jpg\" alt=\"ppg_janv2012\" width=\"70\" height=\"40\" \/><\/a><\/em><\/p>\n<h3>\u00a0 <a href=\"https:\/\/picasaweb.google.com\/105063333546511055376\/PPG_Janv2012\" target=\"_blank\">Les for\u00e7ats de la PPG !!!<\/a><\/h3>\n<p>&nbsp;<\/p>\n<p style=\"text-align: center;\"><a href=\"https:\/\/picasaweb.google.com\/105063333546511055376\/Glazig2012\" target=\"_blank\"><img loading=\"lazy\" class=\"alignleft size-full wp-image-1841\" title=\"glazig20121\" src=\"http:\/\/www.courir-a-corps-nuds.fr\/wp-content\/uploads\/2009\/01\/glazig20121.jpg\" alt=\"glazig20121\" width=\"70\" height=\"40\" \/><\/a><\/p>\n<h3>\u00a0<a href=\"https:\/\/picasaweb.google.com\/105063333546511055376\/Glazig2012\" target=\"_blank\">Les\u00a0Twins du Glazig le 4 &amp; 5 f\u00e9vrier 2012<\/a><\/h3>\n<p>&nbsp;<\/p>\n<p style=\"text-align: center;\"><a href=\"https:\/\/picasaweb.google.com\/105063333546511055376\/St_Gregoire2012\" target=\"_blank\"><img loading=\"lazy\" class=\"size-full wp-image-1830  alignleft\" title=\"st_gregoire2012\" src=\"http:\/\/www.courir-a-corps-nuds.fr\/wp-content\/uploads\/2009\/01\/st_gregoire2012.jpg\" alt=\"st_gregoire2012\" width=\"70\" height=\"40\" \/><\/a><\/p>\n<h3><a href=\"https:\/\/picasaweb.google.com\/105063333546511055376\/St_Gregoire2012\" target=\"_blank\">Les Caquettes \u00e0 St Gr\u00e9goire le 15 janvier\u00a02012<\/a><\/h3>\n<p><a href=\"http:\/\/www.courir-a-corps-nuds.fr\/wp-content\/uploads\/2009\/01\/chantepie_2011.jpg\"><img loading=\"lazy\" class=\"size-full wp-image-1679 alignleft\" title=\"chantepie_2011\" src=\"http:\/\/www.courir-a-corps-nuds.fr\/wp-content\/uploads\/2009\/01\/chantepie_2011.jpg\" alt=\"chantepie_2011\" width=\"70\" height=\"40\" \/><\/a><\/p>\n<h3>\u00a0<a href=\"http:\/\/www.courir-a-corps-nuds.fr\/wp-content\/uploads\/2009\/01\/chantepie_2011.jpg\">13 Cacous se sont \u00e9lanc\u00e9s pour le 10 km de Chantepie le 27 Nov 2011<\/a><\/h3>\n<p>&nbsp;<\/p>\n<p><a href=\"https:\/\/picasaweb.google.com\/113631886543277680751\/RecemmentMisAJour?authuser=0&amp;authkey=Gv1sRgCPDLt4CE7Jac4gE&amp;feat=directlink\" target=\"_blank\"><img loading=\"lazy\" class=\"wp-image-1663 alignleft\" title=\"sortievern_nov20111\" src=\"http:\/\/www.courir-a-corps-nuds.fr\/wp-content\/uploads\/2009\/01\/sortievern_nov20111.jpg\" alt=\"sortievern_nov20111\" width=\"70\" height=\"40\" \/><\/a><\/p>\n<h3><a href=\"https:\/\/picasaweb.google.com\/113631886543277680751\/RecemmentMisAJour?authuser=0&amp;authkey=Gv1sRgCPDLt4CE7Jac4gE&amp;feat=directlink\" target=\"_blank\">Nos amis de l&#8217;US Vern sont venus courir avec nous dimanche 20 Nov 2011<\/a><\/h3>\n<p>&nbsp;<\/p>\n<p style=\"text-align: center;\"><a href=\"https:\/\/picasaweb.google.com\/105063333546511055376\/Marathon_Medoc2011\" target=\"_blank\"><img loading=\"lazy\" class=\"wp-image-1497 alignleft\" title=\"marathon_medoc2011\" src=\"http:\/\/www.courir-a-corps-nuds.fr\/wp-content\/uploads\/2009\/01\/marathon_medoc2011.jpg\" alt=\"marathon_medoc2011\" width=\"70\" height=\"40\" \/><\/a><\/p>\n<h3>\u00a0<a href=\"https:\/\/picasaweb.google.com\/105063333546511055376\/Marathon_Medoc2011\" target=\"_blank\">Les CACcinelles au Marathon du M\u00e9doc le 10 Septembre 2011<\/a><\/h3>\n<p>&nbsp;<\/p>\n<ul>\n<li>L&#8217;US Vern nous rend visite le dimanche 20 nov 2011 pour notre sortie dominicale :\u00a0 <a href=\"https:\/\/picasaweb.google.com\/113631886543277680751\/RecemmentMisAJour?authuser=0&amp;authkey=Gv1sRgCPDLt4CE7Jac4gE&amp;feat=directlink\" target=\"_blank\">Voir<\/a><\/li>\n<li>Un Cacou au Trail des Aravis dans les Alpes en juin 2011 : <a href=\"http:\/\/vimeo.com\/26397808\" target=\"_blank\">Video<\/a><\/li>\n<li>Marathon du M\u00e9doc le 10 Septembre 2011 : <a href=\"https:\/\/picasaweb.google.com\/105063333546511055376\/Marathon_Medoc2011\">Voir<\/a><\/li>\n<li><span style=\"color: #000000;\">D\u00e9fi de l&#8217;Yaigne le 22 mai 2011 :<a href=\"https:\/\/picasaweb.google.com\/cacou35150\/DefiYaigne_2011\" target=\"_blank\"> Voir<br \/>\n<\/a><\/span><\/li>\n<li><span style=\"color: #000000;\">Repa<span>s de l&#8217;association le 26 mars 2011<\/span><\/span><span style=\"color: #000000;\"><span style=\"font-family: mceinline;\"><span style=\"font-family: mceinline;\">:<\/span> <\/span><a style=\"font-family: mceinline;\" href=\"https:\/\/picasaweb.google.com\/cacou35150\/RepasAsso_260311#\" target=\"_blank\">Voir<br \/>\n<\/a><\/span><\/li>\n<li><span style=\"color: #ff0000;\"><span style=\"color: #000000;\">Corps-Nuds Nature 10 Nov 2010 : <\/span><\/span><span style=\"color: #ff0000;\"><a href=\"http:\/\/picasaweb.google.com\/COURSENATURE2010A\">Voir<\/a><\/span><\/li>\n<li>Un Cacou \u00e0 l&#8217;Etna Sky Marathon le 31 Octobre 2010 :\u00a0 <a href=\" https:\/\/picasaweb.google.com\/cacou35150\/Marathon_Etna2010CAC#\" target=\"_blank\">Voir<\/a><\/li>\n<li>Marathon de Vannes 17 Octobre 2010 :\u00a0 <a href=\"http:\/\/picasaweb.google.fr\/cacou35150\/MarathonDeVannes\" target=\"_blank\">Voir<\/a><\/li>\n<li>Tout Rennes Court 10 octobre 2010 : <a href=\"http:\/\/picasaweb.google.fr\/cacou35150\/LeSemiMarathonToutRennesCourt2010\" target=\"_blank\">Voir<\/a><\/li>\n<li>Pr\u00e9paration Physique G\u00e9n\u00e9ral : <a href=\"http:\/\/picasaweb.google.fr\/cacou35150\/PreparationPhysiqueGenerale\" target=\"_blank\">Voir<\/a><\/li>\n<li>Trail des Ebihens : <a href=\"http:\/\/picasaweb.google.fr\/cacou35150\/CacTrailEbihen\" target=\"_blank\">Voir<\/a><\/li>\n<li>Trail des 3 Chapelles : <a title=\"Voir\" href=\"http:\/\/picasaweb.google.fr\/cacou35150\/Trail3chap10\" target=\"_blank\">Voir<\/a><\/li>\n<\/ul>\n","protected":false},"excerpt":{"rendered":"<p>Le CAC en photos et en vid\u00e9o Ci-dessous, des photos de nos gentils adh\u00e9rents et accompagnateurs. Merci aux photographes, notamment aux personnes qui ont communiqu\u00e9 leurs photos : Toutes les photos sur Picasa via les liens suivants (attention le contr\u00f4le Parental peut bloquer l&#8217;acc\u00e8s aux photos)\u00a0: \u00a0&gt; Vid\u00e9o du 10km de St Armel 16 F\u00e9vrier [&hellip;]<\/p>\n","protected":false},"author":1,"featured_media":0,"parent":102,"menu_order":9,"comment_status":"open","ping_status":"open","template":"","meta":[],"_links":{"self":[{"href":"http:\/\/www.courir-a-corps-nuds.fr\/index.php?rest_route=\/wp\/v2\/pages\/1064"}],"collection":[{"href":"http:\/\/www.courir-a-corps-nuds.fr\/index.php?rest_route=\/wp\/v2\/pages"}],"about":[{"href":"http:\/\/www.courir-a-corps-nuds.fr\/index.php?rest_route=\/wp\/v2\/types\/page"}],"author":[{"embeddable":true,"href":"http:\/\/www.courir-a-corps-nuds.fr\/index.php?rest_route=\/wp\/v2\/users\/1"}],"replies":[{"embeddable":true,"href":"http:\/\/www.courir-a-corps-nuds.fr\/index.php?rest_route=%2Fwp%2Fv2%2Fcomments&post=1064"}],"version-history":[{"count":68,"href":"http:\/\/www.courir-a-corps-nuds.fr\/index.php?rest_route=\/wp\/v2\/pages\/1064\/revisions"}],"predecessor-version":[{"id":1068,"href":"http:\/\/www.courir-a-corps-nuds.fr\/index.php?rest_route=\/wp\/v2\/pages\/1064\/revisions\/1068"}],"up":[{"embeddable":true,"href":"http:\/\/www.courir-a-corps-nuds.fr\/index.php?rest_route=\/wp\/v2\/pages\/102"}],"wp:attachment":[{"href":"http:\/\/www.courir-a-corps-nuds.fr\/index.php?rest_route=%2Fwp%2Fv2%2Fmedia&parent=1064"}],"curies":[{"name":"wp","href":"https:\/\/api.w.org\/{rel}","templated":true}]}}